{"id":24287,"date":"2023-01-04T00:20:32","date_gmt":"2023-01-04T00:20:32","guid":{"rendered":"https:\/\/mundialinvest.com\/?post_type=estate_property&#038;p=24287"},"modified":"2023-01-08T10:28:18","modified_gmt":"2023-01-08T10:28:18","slug":"rustic-finca-puntiro-mallorca","status":"publish","type":"estate_property","link":"https:\/\/mundialinvest.com\/sv\/properties\/rustic-finca-puntiro-mallorca\/","title":{"rendered":"Finca Rustica Puntir\u00f3, Mallorca"},"content":{"rendered":"<div class=\"flex-1 overflow-hidden\">\n<div class=\"react-scroll-to-bottom--css-lpnzz-79elbk h-full dark:bg-gray-800\">\n<div class=\"react-scroll-to-bottom--css-lpnzz-1n7m0yu\">\n<div class=\"flex flex-col items-center text-sm h-full dark:bg-gray-800\">\n<div class=\"w-full border-b border-black\/10 dark:border-gray-900\/50 text-gray-800 dark:text-gray-100 group bg-gray-50 dark:bg-[#444654]\">\n<div class=\"text-base gap-4 md:gap-6 m-auto md:max-w-2xl lg:max-w-2xl xl:max-w-3xl p-4 md:py-6 flex lg:px-0\">\n<div class=\"relative flex w-[calc(100%-50px)] md:flex-col lg:w-[calc(100%-115px)]\">\n<div class=\"flex flex-grow flex-col gap-3\">\n<div class=\"min-h-[20px] flex flex-col items-start gap-4 whitespace-pre-wrap\">\n<div class=\"markdown prose w-full break-words dark:prose-invert dark\">\n<p style=\"margin: 0cm; background: white;\"><span style=\"font-size: 12.0pt; font-family: 'Segoe UI',sans-serif; color: black;\">Fly till den fridfulla och pittoreska \u00f6n Mallorca med denna fantastiska finca som ligger i det eftertraktade omr\u00e5det Puntir\u00f3. Bara 20 minuters bilresa fr\u00e5n huvudstaden Palma, ligger denna rustika tillflyktsort p\u00e5 en vidstr\u00e4ckt 80 000 kvadratmeter stor fastighet, med ett huvudhus med sex sovrum och fyra badrum, samt ett g\u00e4sthus f\u00f6r bes\u00f6kare. Utomhusterrasserna i b\u00e5da husen erbjuder gott om utrymme f\u00f6r att njuta av medelhavssolen.<\/span><\/p>\n<p style=\"margin: 0cm; background: white; box-sizing: inherit; border: var(--artdeco-reset-base-border-zero); vertical-align: var(--artdeco-reset-base-vertical-align-baseline); --artdeco-reset-typography_getfontsize: 1.6rem; --artdeco-reset-typography_getlineheight: 1.5; line-height: var(--artdeco-reset-typography_getLineHeight); color: rgba(0, 0, 0, 0.9); counter-reset: list-1 0 list-2 0 list-3 0 list-4 0 list-5 0 list-6 0 list-7 0 list-8 0 list-9 0; font-variant-ligatures: normal; font-variant-caps: normal; orphans: 2; white-space: pre-wrap; widows: 2; -webkit-text-stroke-width: 0px; text-decoration-thickness: initial; text-decoration-style: initial; text-decoration-color: initial; cursor: text; word-spacing: 0px;\"><span style=\"font-size: 12.0pt; font-family: 'Segoe UI',sans-serif;\">\u00a0<\/span><\/p>\n<p style=\"margin: 0cm; background: white; box-sizing: inherit; border: var(--artdeco-reset-base-border-zero); vertical-align: var(--artdeco-reset-base-vertical-align-baseline); --artdeco-reset-typography_getfontsize: 1.6rem; --artdeco-reset-typography_getlineheight: 1.5; line-height: var(--artdeco-reset-typography_getLineHeight); color: rgba(0, 0, 0, 0.9); counter-reset: list-1 0 list-2 0 list-3 0 list-4 0 list-5 0 list-6 0 list-7 0 list-8 0 list-9 0; font-variant-ligatures: normal; font-variant-caps: normal; orphans: 2; white-space: pre-wrap; widows: 2; -webkit-text-stroke-width: 0px; text-decoration-thickness: initial; text-decoration-style: initial; text-decoration-color: initial; cursor: text; word-spacing: 0px;\"><span style=\"font-size: 12.0pt; font-family: 'Segoe UI',sans-serif; color: black;\">F\u00f6rutom sina bekv\u00e4ma utrymmen inneh\u00e5ller fastigheten \u00e4ven ett garage, tv\u00e5 stall f\u00f6r h\u00e4star och en kvarn som anv\u00e4nds f\u00f6r att producera olivolja. <\/span><\/p>\n<p style=\"margin: 0cm; background: white; box-sizing: inherit; border: var(--artdeco-reset-base-border-zero); vertical-align: var(--artdeco-reset-base-vertical-align-baseline); --artdeco-reset-typography_getfontsize: 1.6rem; --artdeco-reset-typography_getlineheight: 1.5; line-height: var(--artdeco-reset-typography_getLineHeight); color: rgba(0, 0, 0, 0.9); counter-reset: list-1 0 list-2 0 list-3 0 list-4 0 list-5 0 list-6 0 list-7 0 list-8 0 list-9 0; font-variant-ligatures: normal; font-variant-caps: normal; orphans: 2; white-space: pre-wrap; widows: 2; -webkit-text-stroke-width: 0px; text-decoration-thickness: initial; text-decoration-style: initial; text-decoration-color: initial; cursor: text; word-spacing: 0px;\"><span style=\"font-size: 12.0pt; font-family: 'Segoe UI',sans-serif;\">\u00a0<\/span><\/p>\n<p style=\"margin: 0cm; background: white; box-sizing: inherit; border: var(--artdeco-reset-base-border-zero); vertical-align: var(--artdeco-reset-base-vertical-align-baseline); --artdeco-reset-typography_getfontsize: 1.6rem; --artdeco-reset-typography_getlineheight: 1.5; line-height: var(--artdeco-reset-typography_getLineHeight); color: rgba(0, 0, 0, 0.9); counter-reset: list-1 0 list-2 0 list-3 0 list-4 0 list-5 0 list-6 0 list-7 0 list-8 0 list-9 0; font-variant-ligatures: normal; font-variant-caps: normal; orphans: 2; white-space: pre-wrap; widows: 2; -webkit-text-stroke-width: 0px; text-decoration-thickness: initial; text-decoration-style: initial; text-decoration-color: initial; cursor: text; word-spacing: 0px;\"><span style=\"font-size: 12.0pt; font-family: 'Segoe UI',sans-serif; color: black;\">Marken \u00e4r prydd med olivlundar och annan frodig vegetation, och fastigheten \u00e4r utrustad med uppv\u00e4rmning f\u00f6r extra komfort. Denna finca \u00e4r det perfekta valet f\u00f6r dem som s\u00f6ker en lugn och rustik tillflyktsort p\u00e5 den vackra \u00f6n Mallorca.<\/span><\/p>\n<\/div>\n<\/div>\n<\/div>\n<\/div>\n<\/div>\n<\/div>\n<\/div>\n<\/div>\n<\/div>\n<\/div>","protected":false},"excerpt":{"rendered":"<p>Escape to the peaceful and picturesque island of Mallorca with this stunning finca located in the desirable area of Puntir\u00f3. Just a 20 minute drive from the capital city of Palma, this rustic retreat sits on a sprawling 80,000 square meter property, featuring a main house with six bedrooms and four bathrooms, as well as a guest house for visitors. The outdoor terraces of &#8230;<\/p>","protected":false},"featured_media":24312,"comment_status":"closed","ping_status":"closed","template":"","property_category":[126,125],"property_action_category":[65],"property_city":[96],"property_area":[],"property_county_state":[],"property_features":[103,42,100,114,137,49,60,101,189,102],"property_status":[29,130],"class_list":["post-24287","estate_property","type-estate_property","status-publish","has-post-thumbnail","hentry","property_category-finca","property_category-houses","property_action_category-sales","property_city-mallorca","property_features-bbq-area","property_features-fireplace","property_features-fully-fitted-kitchen","property_features-garden-view","property_features-hot-cold-ac","property_features-laundry","property_features-pool","property_features-private-garden","property_features-private-parking","property_features-private-swimming-pool","property_status-active","property_status-new"],"aioseo_notices":[],"yoast_head":"<!-- This site is optimized with the Yoast SEO plugin v22.6 - https:\/\/yoast.com\/wordpress\/plugins\/seo\/ -->\n<title>Finca Rustica Puntir\u00f3, Mallorca - mundialinvest.com<\/title>\n<meta name=\"robots\" content=\"index, follow, max-snippet:-1, max-image-preview:large, max-video-preview:-1\" \/>\n<link rel=\"canonical\" href=\"https:\/\/mundialinvest.com\/sv\/property\/rustic-finca-puntiro-mallorca\/\" \/>\n<meta property=\"og:locale\" content=\"sv_SE\" \/>\n<meta property=\"og:type\" content=\"article\" \/>\n<meta property=\"og:title\" content=\"Finca Rustica Puntir\u00f3, Mallorca - mundialinvest.com\" \/>\n<meta property=\"og:description\" content=\"Escape to the peaceful and picturesque island of Mallorca with this stunning finca located in the desirable area of Puntir\u00f3. Just a 20 minute drive from the capital city of Palma, this rustic retreat sits on a sprawling 80,000 square meter property, featuring a main house with six bedrooms and four bathrooms, as well as a guest house for visitors. The outdoor terraces of ...\" \/>\n<meta property=\"og:url\" content=\"https:\/\/mundialinvest.com\/sv\/property\/rustic-finca-puntiro-mallorca\/\" \/>\n<meta property=\"og:site_name\" content=\"mundialinvest.com\" \/>\n<meta property=\"article:modified_time\" content=\"2023-01-08T10:28:18+00:00\" \/>\n<meta property=\"og:image\" content=\"http:\/\/mundialinvest.com\/wp-content\/uploads\/2023\/01\/25.jpg\" \/>\n\t<meta property=\"og:image:width\" content=\"900\" \/>\n\t<meta property=\"og:image:height\" content=\"600\" \/>\n\t<meta property=\"og:image:type\" content=\"image\/jpeg\" \/>\n<meta name=\"twitter:card\" content=\"summary_large_image\" \/>\n<meta name=\"twitter:label1\" content=\"Ber\u00e4knad l\u00e4stid\" \/>\n\t<meta name=\"twitter:data1\" content=\"1 minut\" \/>\n<script type=\"application\/ld+json\" class=\"yoast-schema-graph\">{\"@context\":\"https:\/\/schema.org\",\"@graph\":[{\"@type\":\"WebPage\",\"@id\":\"https:\/\/mundialinvest.com\/property\/rustic-finca-puntiro-mallorca\/\",\"url\":\"https:\/\/mundialinvest.com\/property\/rustic-finca-puntiro-mallorca\/\",\"name\":\"Finca Rustica Puntir\u00f3, Mallorca - mundialinvest.com\",\"isPartOf\":{\"@id\":\"https:\/\/mundialinvest.com\/#website\"},\"primaryImageOfPage\":{\"@id\":\"https:\/\/mundialinvest.com\/property\/rustic-finca-puntiro-mallorca\/#primaryimage\"},\"image\":{\"@id\":\"https:\/\/mundialinvest.com\/property\/rustic-finca-puntiro-mallorca\/#primaryimage\"},\"thumbnailUrl\":\"https:\/\/mundialinvest.com\/wp-content\/uploads\/2023\/01\/25.jpg\",\"datePublished\":\"2023-01-04T00:20:32+00:00\",\"dateModified\":\"2023-01-08T10:28:18+00:00\",\"breadcrumb\":{\"@id\":\"https:\/\/mundialinvest.com\/property\/rustic-finca-puntiro-mallorca\/#breadcrumb\"},\"inLanguage\":\"sv-SE\",\"potentialAction\":[{\"@type\":\"ReadAction\",\"target\":[\"https:\/\/mundialinvest.com\/property\/rustic-finca-puntiro-mallorca\/\"]}]},{\"@type\":\"ImageObject\",\"inLanguage\":\"sv-SE\",\"@id\":\"https:\/\/mundialinvest.com\/property\/rustic-finca-puntiro-mallorca\/#primaryimage\",\"url\":\"https:\/\/mundialinvest.com\/wp-content\/uploads\/2023\/01\/25.jpg\",\"contentUrl\":\"https:\/\/mundialinvest.com\/wp-content\/uploads\/2023\/01\/25.jpg\",\"width\":900,\"height\":600},{\"@type\":\"BreadcrumbList\",\"@id\":\"https:\/\/mundialinvest.com\/property\/rustic-finca-puntiro-mallorca\/#breadcrumb\",\"itemListElement\":[{\"@type\":\"ListItem\",\"position\":1,\"name\":\"Home\",\"item\":\"https:\/\/mundialinvest.com\/\"},{\"@type\":\"ListItem\",\"position\":2,\"name\":\"Properties\",\"item\":\"https:\/\/mundialinvest.com\/estate_property\/\"},{\"@type\":\"ListItem\",\"position\":3,\"name\":\"Finca Rustica Puntir\u00f3, Mallorca\"}]},{\"@type\":\"WebSite\",\"@id\":\"https:\/\/mundialinvest.com\/#website\",\"url\":\"https:\/\/mundialinvest.com\/\",\"name\":\"mundialinvest.com\",\"description\":\"Mundial Invest\",\"publisher\":{\"@id\":\"https:\/\/mundialinvest.com\/#organization\"},\"potentialAction\":[{\"@type\":\"SearchAction\",\"target\":{\"@type\":\"EntryPoint\",\"urlTemplate\":\"https:\/\/mundialinvest.com\/?s={search_term_string}\"},\"query-input\":\"required name=search_term_string\"}],\"inLanguage\":\"sv-SE\"},{\"@type\":\"Organization\",\"@id\":\"https:\/\/mundialinvest.com\/#organization\",\"name\":\"Mundial Invest\",\"url\":\"https:\/\/mundialinvest.com\/\",\"logo\":{\"@type\":\"ImageObject\",\"inLanguage\":\"sv-SE\",\"@id\":\"https:\/\/mundialinvest.com\/#\/schema\/logo\/image\/\",\"url\":\"http:\/\/mundialinvest.com\/wp-content\/uploads\/2022\/07\/Mundial-Invest-Logo-3-1-1-1.png\",\"contentUrl\":\"http:\/\/mundialinvest.com\/wp-content\/uploads\/2022\/07\/Mundial-Invest-Logo-3-1-1-1.png\",\"width\":260,\"height\":189,\"caption\":\"Mundial Invest\"},\"image\":{\"@id\":\"https:\/\/mundialinvest.com\/#\/schema\/logo\/image\/\"}}]}<\/script>\n<!-- \/ Yoast SEO plugin. -->","yoast_head_json":{"title":"Finca Rustica Puntir\u00f3, Mallorca - mundialinvest.com","robots":{"index":"index","follow":"follow","max-snippet":"max-snippet:-1","max-image-preview":"max-image-preview:large","max-video-preview":"max-video-preview:-1"},"canonical":"https:\/\/mundialinvest.com\/sv\/property\/rustic-finca-puntiro-mallorca\/","og_locale":"sv_SE","og_type":"article","og_title":"Finca Rustica Puntir\u00f3, Mallorca - mundialinvest.com","og_description":"Escape to the peaceful and picturesque island of Mallorca with this stunning finca located in the desirable area of Puntir\u00f3. Just a 20 minute drive from the capital city of Palma, this rustic retreat sits on a sprawling 80,000 square meter property, featuring a main house with six bedrooms and four bathrooms, as well as a guest house for visitors. The outdoor terraces of ...","og_url":"https:\/\/mundialinvest.com\/sv\/property\/rustic-finca-puntiro-mallorca\/","og_site_name":"mundialinvest.com","article_modified_time":"2023-01-08T10:28:18+00:00","og_image":[{"width":900,"height":600,"url":"http:\/\/mundialinvest.com\/wp-content\/uploads\/2023\/01\/25.jpg","type":"image\/jpeg"}],"twitter_card":"summary_large_image","twitter_misc":{"Ber\u00e4knad l\u00e4stid":"1 minut"},"schema":{"@context":"https:\/\/schema.org","@graph":[{"@type":"WebPage","@id":"https:\/\/mundialinvest.com\/property\/rustic-finca-puntiro-mallorca\/","url":"https:\/\/mundialinvest.com\/property\/rustic-finca-puntiro-mallorca\/","name":"Finca Rustica Puntir\u00f3, Mallorca - mundialinvest.com","isPartOf":{"@id":"https:\/\/mundialinvest.com\/#website"},"primaryImageOfPage":{"@id":"https:\/\/mundialinvest.com\/property\/rustic-finca-puntiro-mallorca\/#primaryimage"},"image":{"@id":"https:\/\/mundialinvest.com\/property\/rustic-finca-puntiro-mallorca\/#primaryimage"},"thumbnailUrl":"https:\/\/mundialinvest.com\/wp-content\/uploads\/2023\/01\/25.jpg","datePublished":"2023-01-04T00:20:32+00:00","dateModified":"2023-01-08T10:28:18+00:00","breadcrumb":{"@id":"https:\/\/mundialinvest.com\/property\/rustic-finca-puntiro-mallorca\/#breadcrumb"},"inLanguage":"sv-SE","potentialAction":[{"@type":"ReadAction","target":["https:\/\/mundialinvest.com\/property\/rustic-finca-puntiro-mallorca\/"]}]},{"@type":"ImageObject","inLanguage":"sv-SE","@id":"https:\/\/mundialinvest.com\/property\/rustic-finca-puntiro-mallorca\/#primaryimage","url":"https:\/\/mundialinvest.com\/wp-content\/uploads\/2023\/01\/25.jpg","contentUrl":"https:\/\/mundialinvest.com\/wp-content\/uploads\/2023\/01\/25.jpg","width":900,"height":600},{"@type":"BreadcrumbList","@id":"https:\/\/mundialinvest.com\/property\/rustic-finca-puntiro-mallorca\/#breadcrumb","itemListElement":[{"@type":"ListItem","position":1,"name":"Home","item":"https:\/\/mundialinvest.com\/"},{"@type":"ListItem","position":2,"name":"Properties","item":"https:\/\/mundialinvest.com\/estate_property\/"},{"@type":"ListItem","position":3,"name":"Finca Rustica Puntir\u00f3, Mallorca"}]},{"@type":"WebSite","@id":"https:\/\/mundialinvest.com\/#website","url":"https:\/\/mundialinvest.com\/","name":"mundialinvest.com","description":"Mundial Invest","publisher":{"@id":"https:\/\/mundialinvest.com\/#organization"},"potentialAction":[{"@type":"SearchAction","target":{"@type":"EntryPoint","urlTemplate":"https:\/\/mundialinvest.com\/?s={search_term_string}"},"query-input":"required name=search_term_string"}],"inLanguage":"sv-SE"},{"@type":"Organization","@id":"https:\/\/mundialinvest.com\/#organization","name":"Mundial Invest","url":"https:\/\/mundialinvest.com\/","logo":{"@type":"ImageObject","inLanguage":"sv-SE","@id":"https:\/\/mundialinvest.com\/#\/schema\/logo\/image\/","url":"http:\/\/mundialinvest.com\/wp-content\/uploads\/2022\/07\/Mundial-Invest-Logo-3-1-1-1.png","contentUrl":"http:\/\/mundialinvest.com\/wp-content\/uploads\/2022\/07\/Mundial-Invest-Logo-3-1-1-1.png","width":260,"height":189,"caption":"Mundial Invest"},"image":{"@id":"https:\/\/mundialinvest.com\/#\/schema\/logo\/image\/"}}]}},"_links":{"self":[{"href":"https:\/\/mundialinvest.com\/sv\/wp-json\/wp\/v2\/estate_property\/24287"}],"collection":[{"href":"https:\/\/mundialinvest.com\/sv\/wp-json\/wp\/v2\/estate_property"}],"about":[{"href":"https:\/\/mundialinvest.com\/sv\/wp-json\/wp\/v2\/types\/estate_property"}],"replies":[{"embeddable":true,"href":"https:\/\/mundialinvest.com\/sv\/wp-json\/wp\/v2\/comments?post=24287"}],"wp:featuredmedia":[{"embeddable":true,"href":"https:\/\/mundialinvest.com\/sv\/wp-json\/wp\/v2\/media\/24312"}],"wp:attachment":[{"href":"https:\/\/mundialinvest.com\/sv\/wp-json\/wp\/v2\/media?parent=24287"}],"wp:term":[{"taxonomy":"property_category","embeddable":true,"href":"https:\/\/mundialinvest.com\/sv\/wp-json\/wp\/v2\/property_category?post=24287"},{"taxonomy":"property_action_category","embeddable":true,"href":"https:\/\/mundialinvest.com\/sv\/wp-json\/wp\/v2\/property_action_category?post=24287"},{"taxonomy":"property_city","embeddable":true,"href":"https:\/\/mundialinvest.com\/sv\/wp-json\/wp\/v2\/property_city?post=24287"},{"taxonomy":"property_area","embeddable":true,"href":"https:\/\/mundialinvest.com\/sv\/wp-json\/wp\/v2\/property_area?post=24287"},{"taxonomy":"property_county_state","embeddable":true,"href":"https:\/\/mundialinvest.com\/sv\/wp-json\/wp\/v2\/property_county_state?post=24287"},{"taxonomy":"property_features","embeddable":true,"href":"https:\/\/mundialinvest.com\/sv\/wp-json\/wp\/v2\/property_features?post=24287"},{"taxonomy":"property_status","embeddable":true,"href":"https:\/\/mundialinvest.com\/sv\/wp-json\/wp\/v2\/property_status?post=24287"}],"curies":[{"name":"wp","href":"https:\/\/api.w.org\/{rel}","templated":true}]}}